{"id":5274,"date":"2025-02-01T22:15:21","date_gmt":"2025-02-01T22:15:21","guid":{"rendered":"https:\/\/almaconvoz.com\/?page_id=5274"},"modified":"2025-02-01T22:17:22","modified_gmt":"2025-02-01T22:17:22","slug":"fundamentos-de-la-musica-25","status":"publish","type":"page","link":"https:\/\/almaconvoz.com\/es\/fundamentos-de-la-musica-25\/","title":{"rendered":"Fundamentos de la m\u00fasica 25%"},"content":{"rendered":"<div data-elementor-type=\"wp-page\" data-elementor-id=\"5274\" class=\"elementor elementor-5274\" data-elementor-post-type=\"page\">\n\t\t\t\t<div class=\"elementor-element elementor-element-c539505 e-flex e-con-boxed e-con e-parent\" data-id=\"c539505\" data-element_type=\"container\" data-e-type=\"container\">\n\t\t\t\t\t<div class=\"e-con-inner\">\n\t\t\t\t<div class=\"elementor-element elementor-element-0549309 elementor-widget elementor-widget-heading\" data-id=\"0549309\" data-element_type=\"widget\" data-e-type=\"widget\" data-widget_type=\"heading.default\">\n\t\t\t\t<div class=\"elementor-widget-container\">\n\t\t\t\t\t<h1 class=\"elementor-heading-title elementor-size-default\">FUNDAMENTOS DE LA M\u00daSICA<\/h1>\t\t\t\t<\/div>\n\t\t\t\t<\/div>\n\t\t\t\t<div class=\"elementor-element elementor-element-1a3755a elementor-widget elementor-widget-image\" data-id=\"1a3755a\" data-element_type=\"widget\" data-e-type=\"widget\" data-widget_type=\"image.default\">\n\t\t\t\t<div class=\"elementor-widget-container\">\n\t\t\t\t\t\t\t\t\t\t\t\t\t\t\t<img fetchpriority=\"high\" decoding=\"async\" width=\"1024\" height=\"1024\" src=\"https:\/\/almaconvoz.com\/wp-content\/uploads\/2025\/01\/Fundamentos-sin-fecha-1024x1024.jpg\" class=\"attachment-large size-large wp-image-4798\" alt=\"\" srcset=\"https:\/\/almaconvoz.com\/wp-content\/uploads\/2025\/01\/Fundamentos-sin-fecha-1024x1024.jpg 1024w, https:\/\/almaconvoz.com\/wp-content\/uploads\/2025\/01\/Fundamentos-sin-fecha-300x300.jpg 300w, https:\/\/almaconvoz.com\/wp-content\/uploads\/2025\/01\/Fundamentos-sin-fecha-150x150.jpg 150w, https:\/\/almaconvoz.com\/wp-content\/uploads\/2025\/01\/Fundamentos-sin-fecha-768x768.jpg 768w, https:\/\/almaconvoz.com\/wp-content\/uploads\/2025\/01\/Fundamentos-sin-fecha-1536x1536.jpg 1536w, https:\/\/almaconvoz.com\/wp-content\/uploads\/2025\/01\/Fundamentos-sin-fecha-2048x2048.jpg 2048w, https:\/\/almaconvoz.com\/wp-content\/uploads\/2025\/01\/Fundamentos-sin-fecha-12x12.jpg 12w, https:\/\/almaconvoz.com\/wp-content\/uploads\/2025\/01\/Fundamentos-sin-fecha-600x600.jpg 600w, https:\/\/almaconvoz.com\/wp-content\/uploads\/2025\/01\/Fundamentos-sin-fecha-100x100.jpg 100w\" sizes=\"(max-width: 1024px) 100vw, 1024px\" \/>\t\t\t\t\t\t\t\t\t\t\t\t\t\t\t<\/div>\n\t\t\t\t<\/div>\n\t\t\t\t<div class=\"elementor-element elementor-element-da54f3a elementor-align-center elementor-widget elementor-widget-button\" data-id=\"da54f3a\" data-element_type=\"widget\" data-e-type=\"widget\" data-widget_type=\"button.default\">\n\t\t\t\t<div class=\"elementor-widget-container\">\n\t\t\t\t\t\t\t\t\t<div class=\"elementor-button-wrapper\">\n\t\t\t\t\t<a class=\"elementor-button elementor-button-link elementor-size-sm\" href=\"https:\/\/almaconvoz.com\/es\/cart-almaconvoz\/?add-to-cart=%205266&#038;quantity=1\">\n\t\t\t\t\t\t<span class=\"elementor-button-content-wrapper\">\n\t\t\t\t\t\t\t\t\t<span class=\"elementor-button-text\">PAGA AQU\u00cd <\/span>\n\t\t\t\t\t<\/span>\n\t\t\t\t\t<\/a>\n\t\t\t\t<\/div>\n\t\t\t\t\t\t\t\t<\/div>\n\t\t\t\t<\/div>\n\t\t\t\t<div class=\"elementor-element elementor-element-ab7a413 elementor-widget elementor-widget-text-editor\" data-id=\"ab7a413\" data-element_type=\"widget\" data-e-type=\"widget\" data-widget_type=\"text-editor.default\">\n\t\t\t\t<div class=\"elementor-widget-container\">\n\t\t\t\t\t\t\t\t\t<p><b>DE QUE SE TRATA?<\/b><\/p>\t\t\t\t\t\t\t\t<\/div>\n\t\t\t\t<\/div>\n\t\t\t\t<div class=\"elementor-element elementor-element-d69a93d elementor-widget elementor-widget-text-editor\" data-id=\"d69a93d\" data-element_type=\"widget\" data-e-type=\"widget\" data-widget_type=\"text-editor.default\">\n\t\t\t\t<div class=\"elementor-widget-container\">\n\t\t\t\t\t\t\t\t\t<p><b>Te invitamos a este espacio donde exploraremos los fundamentos del sonido y la m\u00fasica, comprendiendo los elementos b\u00e1sicos, presentes en toda la m\u00fasica que escuchamos. <\/b><\/p><p><b>Desde un enfoque pr\u00e1ctico, repasaremos conceptos claves del lenguaje musical para establecer una buena base de conocimientos musicales para el resto de tu vida.<\/b><\/p><p><em>No necesitas conocimientos previos. Recomendado para todas las edades a partir de los 13 a\u00f1os.<\/em><\/p>\t\t\t\t\t\t\t\t<\/div>\n\t\t\t\t<\/div>\n\t\t\t\t<div class=\"elementor-element elementor-element-bec34b3 elementor-widget elementor-widget-text-editor\" data-id=\"bec34b3\" data-element_type=\"widget\" data-e-type=\"widget\" data-widget_type=\"text-editor.default\">\n\t\t\t\t<div class=\"elementor-widget-container\">\n\t\t\t\t\t\t\t\t\t<p><span style=\"font-weight: 400;\">La m\u00fasica hace parte de nosotros desde el primer aliento de vida y nos acompa\u00f1a durante cada paso que vamos dando en nuestro viaje por esta experiencia humana. Nuestra relaci\u00f3n con ella puede ser superficial o profunda , y sin embargo ella siempre est\u00e1 ah\u00ed como un universo entretejido con la vida, disponible para acompa\u00f1ar cada uno nuestros procesos.\u00a0<\/span><\/p><p><span style=\"font-weight: 400;\">\u00a0<\/span><\/p><p><span style=\"font-weight: 400;\">En este curso, vamos a recordar los fundamentos del sonido y la m\u00fasica de una manera sencilla y divertida, aclarando palabras b\u00e1sicas del vocabulario musical como por ejemplo: ritmo, tono, acorde, coro , entre otras<\/span><\/p><p><span style=\"font-weight: 400;\"> y conectando de manera pr\u00e1ctica con la esencia sonora que llevamos dentro.<\/span><\/p>\t\t\t\t\t\t\t\t<\/div>\n\t\t\t\t<\/div>\n\t\t\t\t<div class=\"elementor-element elementor-element-a1b60da elementor-widget elementor-widget-text-editor\" data-id=\"a1b60da\" data-element_type=\"widget\" data-e-type=\"widget\" data-widget_type=\"text-editor.default\">\n\t\t\t\t<div class=\"elementor-widget-container\">\n\t\t\t\t\t\t\t\t\t<p><strong>CONTENIDO:<\/strong><\/p>\t\t\t\t\t\t\t\t<\/div>\n\t\t\t\t<\/div>\n\t\t\t\t<div class=\"elementor-element elementor-element-74df85d elementor-widget elementor-widget-text-editor\" data-id=\"74df85d\" data-element_type=\"widget\" data-e-type=\"widget\" data-widget_type=\"text-editor.default\">\n\t\t\t\t<div class=\"elementor-widget-container\">\n\t\t\t\t\t\t\t\t\t<h4><strong>\u00a0Clase 1:<\/strong><\/h4><p>Meditaci\u00f3n\/Respiraci\u00f3n<\/p><p>Introducci\u00f3n y presentaci\u00f3n del grupo<\/p><p><strong>El misticismo del Sonido y sus manifestaciones<\/strong><\/p><p>Ejercicio practico de sonido<\/p><p>Tarea<\/p><p>\u00a0<\/p><h4><strong>Clase 2:<\/strong><\/h4><p>Meditaci\u00f3n\/Respiraci\u00f3n<\/p><p>Preguntas<\/p><p><strong>Los Elementos de la m\u00fasica<\/strong><\/p><p>Ejercicio pr\u00e1ctico<\/p><p>Tarea<\/p><h4>\u00a0<\/h4><h4><strong>Clase 3:<\/strong><\/h4><p>Meditaci\u00f3n\/Respiraci\u00f3n<\/p><p>Preguntas<\/p><p><strong>Las notas: universos interiores<\/strong><\/p><p>Ejercicio pr\u00e1ctico<\/p><p>Tarea<\/p><h4>\u00a0<\/h4><h4><strong>Clase 4:<\/strong><\/h4><p>Meditaci\u00f3n\/Respiraci\u00f3n<\/p><p>Preguntas<\/p><p><strong>M\u00fasica Pr\u00e1ctica<\/strong><\/p><p>Despedida<\/p><p>\u00a0<\/p><p>\u00a0<\/p>\t\t\t\t\t\t\t\t<\/div>\n\t\t\t\t<\/div>\n\t\t\t\t<div class=\"elementor-element elementor-element-6c22afe elementor-widget elementor-widget-text-editor\" data-id=\"6c22afe\" data-element_type=\"widget\" data-e-type=\"widget\" data-widget_type=\"text-editor.default\">\n\t\t\t\t<div class=\"elementor-widget-container\">\n\t\t\t\t\t\t\t\t\t<p><strong style=\"font-style: inherit;\">HORARIO<\/strong><\/p>\t\t\t\t\t\t\t\t<\/div>\n\t\t\t\t<\/div>\n\t\t\t\t<div class=\"elementor-element elementor-element-89536a7 elementor-widget elementor-widget-text-editor\" data-id=\"89536a7\" data-element_type=\"widget\" data-e-type=\"widget\" data-widget_type=\"text-editor.default\">\n\t\t\t\t<div class=\"elementor-widget-container\">\n\t\t\t\t\t\t\t\t\t<p style=\"text-align: center;\"><b>Tendremos 4 sesiones de 90 minutos cada una.\u00a0<\/b><\/p><p style=\"text-align: center;\"><b>OCTUBRE 2025<\/b><\/p><p>(Pronto m\u00e1s detalles del horario)<\/p><p style=\"text-align: center;\"><b><\/b><b><\/b><b>Todos los Encuentros ser\u00e1n EN VIVO a trav\u00e9s de la Plataforma ZOOM<\/b><\/p><p>Nuestras clases ser\u00e1n grabadas y tendr\u00e1s acceso a ellas por tiempo l\u00edmitado<\/p>\t\t\t\t\t\t\t\t<\/div>\n\t\t\t\t<\/div>\n\t\t\t\t<div class=\"elementor-element elementor-element-5020ac7 elementor-widget elementor-widget-text-editor\" data-id=\"5020ac7\" data-element_type=\"widget\" data-e-type=\"widget\" data-widget_type=\"text-editor.default\">\n\t\t\t\t<div class=\"elementor-widget-container\">\n\t\t\t\t\t\t\t\t\t<p style=\"text-align: center;\">\u00a0<\/p><h4 style=\"text-align: center;\"><b>VALOR<\/b><\/h4><h3 style=\"text-align: center;\"><b>$80 USD\u00a0<\/b><\/h3>\t\t\t\t\t\t\t\t<\/div>\n\t\t\t\t<\/div>\n\t\t\t\t<div class=\"elementor-element elementor-element-0b32017 elementor-align-center elementor-widget elementor-widget-button\" data-id=\"0b32017\" data-element_type=\"widget\" data-e-type=\"widget\" data-widget_type=\"button.default\">\n\t\t\t\t<div class=\"elementor-widget-container\">\n\t\t\t\t\t\t\t\t\t<div class=\"elementor-button-wrapper\">\n\t\t\t\t\t<a class=\"elementor-button elementor-button-link elementor-size-sm\" href=\"https:\/\/almaconvoz.com\/es\/cart-almaconvoz\/?add-to-cart=%205266&#038;quantity=1\">\n\t\t\t\t\t\t<span class=\"elementor-button-content-wrapper\">\n\t\t\t\t\t\t\t\t\t<span class=\"elementor-button-text\">Paga Aqu\u00ed<\/span>\n\t\t\t\t\t<\/span>\n\t\t\t\t\t<\/a>\n\t\t\t\t<\/div>\n\t\t\t\t\t\t\t\t<\/div>\n\t\t\t\t<\/div>\n\t\t\t\t<div class=\"elementor-element elementor-element-447d5dc elementor-widget elementor-widget-text-editor\" data-id=\"447d5dc\" data-element_type=\"widget\" data-e-type=\"widget\" data-widget_type=\"text-editor.default\">\n\t\t\t\t<div class=\"elementor-widget-container\">\n\t\t\t\t\t\t\t\t\t<p><strong>RECOMENDACIONES<\/strong><\/p>\t\t\t\t\t\t\t\t<\/div>\n\t\t\t\t<\/div>\n\t\t\t\t<div class=\"elementor-element elementor-element-6052df0 elementor-widget elementor-widget-text-editor\" data-id=\"6052df0\" data-element_type=\"widget\" data-e-type=\"widget\" data-widget_type=\"text-editor.default\">\n\t\t\t\t<div class=\"elementor-widget-container\">\n\t\t\t\t\t\t\t\t\t<ul><li style=\"font-weight: 400;\" aria-level=\"1\"><span style=\"font-weight: 400;\">El mejor dispositivo para conectarse es una Computadora, pues en ellas el Zoom tiene ciertas opciones de configuraci\u00f3n de sonido que no las hay en los ipads y celulares.<\/span><\/li><\/ul><ul><li style=\"font-weight: 400;\" aria-level=\"1\"><span style=\"font-style: inherit; letter-spacing: 0.1px; text-align: var(--text-align);\">Por favor aseg\u00farate de que tienes la \u00faltima versi\u00f3n de Zoom descargada.<\/span><\/li><\/ul><ul><li style=\"font-weight: 400;\" aria-level=\"1\"><span style=\"font-weight: 400;\">Este tiempo juntxs es un regalo sagrado que te est\u00e1s dando a ti mismx. Intenta encontrar un espacio adecuado, donde te sientas tranqui.<\/span><\/li><\/ul><ul><li style=\"font-weight: 400;\" aria-level=\"1\"><span style=\"font-weight: 400;\">Utiliza ropa c\u00f3moda que no te apriete, con la que te sientas libre en tu cuerpo f\u00edsico.<\/span><\/li><\/ul><ul><li style=\"font-weight: 400;\" aria-level=\"1\"><span style=\"font-weight: 400;\">Trae la mente y coraz\u00f3n abiertos, dispuestos a encontrarse con sorpresas dentro de ti!<\/span><\/li><\/ul><h3 style=\"text-align: center;\"><b>Te esperamos!<\/b><\/h3>\t\t\t\t\t\t\t\t<\/div>\n\t\t\t\t<\/div>\n\t\t\t\t\t<\/div>\n\t\t\t\t<\/div>\n\t\t\t\t<\/div>","protected":false},"excerpt":{"rendered":"<p>FUNDAMENTOS DE LA M\u00daSICA PAGA AQU\u00cd DE QUE SE TRATA? Te invitamos a este espacio donde exploraremos los fundamentos del sonido y la m\u00fasica, comprendiendo los elementos b\u00e1sicos, presentes en toda la m\u00fasica que escuchamos. Desde un enfoque pr\u00e1ctico, repasaremos conceptos claves del lenguaje musical para establecer una buena base de conocimientos musicales para el [&hellip;]<\/p>\n","protected":false},"author":1,"featured_media":0,"parent":0,"menu_order":0,"comment_status":"closed","ping_status":"closed","template":"","meta":{"site-sidebar-layout":"no-sidebar","site-content-layout":"page-builder","ast-site-content-layout":"full-width-container","site-content-style":"default","site-sidebar-style":"default","ast-global-header-display":"","ast-banner-title-visibility":"","ast-main-header-display":"","ast-hfb-above-header-display":"","ast-hfb-below-header-display":"","ast-hfb-mobile-header-display":"","site-post-title":"disabled","ast-breadcrumbs-content":"","ast-featured-img":"disabled","footer-sml-layout":"","ast-disable-related-posts":"","theme-transparent-header-meta":"","adv-header-id-meta":"","stick-header-meta":"","header-above-stick-meta":"","header-main-stick-meta":"","header-below-stick-meta":"","astra-migrate-meta-layouts":"set","ast-page-background-enabled":"default","ast-page-background-meta":{"desktop":{"background-color":"","background-image":"","background-repeat":"repeat","background-position":"center center","background-size":"auto","background-attachment":"scroll","background-type":"","background-media":"","overlay-type":"","overlay-color":"","overlay-opacity":"","overlay-gradient":""},"tablet":{"background-color":"","background-image":"","background-repeat":"repeat","background-position":"center center","background-size":"auto","background-attachment":"scroll","background-type":"","background-media":"","overlay-type":"","overlay-color":"","overlay-opacity":"","overlay-gradient":""},"mobile":{"background-color":"","background-image":"","background-repeat":"repeat","background-position":"center center","background-size":"auto","background-attachment":"scroll","background-type":"","background-media":"","overlay-type":"","overlay-color":"","overlay-opacity":"","overlay-gradient":""}},"ast-content-background-meta":{"desktop":{"background-color":"var(--ast-global-color-5)","background-image":"","background-repeat":"repeat","background-position":"center center","background-size":"auto","background-attachment":"scroll","background-type":"","background-media":"","overlay-type":"","overlay-color":"","overlay-opacity":"","overlay-gradient":""},"tablet":{"background-color":"var(--ast-global-color-5)","background-image":"","background-repeat":"repeat","background-position":"center center","background-size":"auto","background-attachment":"scroll","background-type":"","background-media":"","overlay-type":"","overlay-color":"","overlay-opacity":"","overlay-gradient":""},"mobile":{"background-color":"var(--ast-global-color-5)","background-image":"","background-repeat":"repeat","background-position":"center center","background-size":"auto","background-attachment":"scroll","background-type":"","background-media":"","overlay-type":"","overlay-color":"","overlay-opacity":"","overlay-gradient":""}},"footnotes":""},"class_list":["post-5274","page","type-page","status-publish","hentry"],"aioseo_notices":[],"_links":{"self":[{"href":"https:\/\/almaconvoz.com\/es\/wp-json\/wp\/v2\/pages\/5274","targetHints":{"allow":["GET"]}}],"collection":[{"href":"https:\/\/almaconvoz.com\/es\/wp-json\/wp\/v2\/pages"}],"about":[{"href":"https:\/\/almaconvoz.com\/es\/wp-json\/wp\/v2\/types\/page"}],"author":[{"embeddable":true,"href":"https:\/\/almaconvoz.com\/es\/wp-json\/wp\/v2\/users\/1"}],"replies":[{"embeddable":true,"href":"https:\/\/almaconvoz.com\/es\/wp-json\/wp\/v2\/comments?post=5274"}],"version-history":[{"count":4,"href":"https:\/\/almaconvoz.com\/es\/wp-json\/wp\/v2\/pages\/5274\/revisions"}],"predecessor-version":[{"id":5278,"href":"https:\/\/almaconvoz.com\/es\/wp-json\/wp\/v2\/pages\/5274\/revisions\/5278"}],"wp:attachment":[{"href":"https:\/\/almaconvoz.com\/es\/wp-json\/wp\/v2\/media?parent=5274"}],"curies":[{"name":"wp","href":"https:\/\/api.w.org\/{rel}","templated":true}]}}